{"id":235275,"date":"2021-12-13T13:05:43","date_gmt":"2021-12-13T13:05:43","guid":{"rendered":"https:\/\/lanaxis.hu\/?page_id=235275"},"modified":"2024-02-05T10:57:23","modified_gmt":"2024-02-05T10:57:23","slug":"adatvedelem","status":"publish","type":"page","link":"https:\/\/lanaxis.hu\/en\/adatvedelem\/","title":{"rendered":"Privacy Policy"},"content":{"rendered":"<p>[et_pb_section fb_built=&#8221;1&#8243; _builder_version=&#8221;4.16&#8243; _module_preset=&#8221;default&#8221; custom_padding=&#8221;36px|||||&#8221; da_disable_devices=&#8221;off|off|off&#8221; global_colors_info=&#8221;{}&#8221; da_is_popup=&#8221;off&#8221; da_exit_intent=&#8221;off&#8221; da_has_close=&#8221;on&#8221; da_alt_close=&#8221;off&#8221; da_dark_close=&#8221;off&#8221; da_not_modal=&#8221;on&#8221; da_is_singular=&#8221;off&#8221; da_with_loader=&#8221;off&#8221; da_has_shadow=&#8221;on&#8221;][et_pb_row _builder_version=&#8221;4.16&#8243; _module_preset=&#8221;default&#8221; global_colors_info=&#8221;{}&#8221;][et_pb_column type=&#8221;4_4&#8243; _builder_version=&#8221;4.16&#8243; _module_preset=&#8221;default&#8221; global_colors_info=&#8221;{}&#8221;][et_pb_text _builder_version=&#8221;4.16&#8243; _module_preset=&#8221;default&#8221; global_colors_info=&#8221;{}&#8221;]<\/p>\n<p>GDPR ADATKEZEL\u00c9SI T\u00c1J\u00c9KOZTAT\u00d3<br \/>A jelen dokumentum a <a href=\"http:\/\/www.pekabau.hu\">www.<\/a><a href=\"mailto:info@lanaxis.hu\">lanaxis.hu<\/a> weboldal m\u0171k\u00f6d\u00e9s\u00e9vel kapcsolatban minden relev\u00e1ns<br \/>adatkezel\u00e9si inform\u00e1ci\u00f3t tartalmaz az Eur\u00f3pai Uni\u00f3 2016.\/679. sz\u00e1m\u00fa \u00c1ltal\u00e1nos Adatv\u00e9delmi<br \/>Rendelete (a tov\u00e1bbiakban: Rendelet. GDPR) \u00e9s a 2011. \u00e9vi CXII. tv. (a tov\u00e1bbiakban: Infotv.) alapj\u00e1n.<br \/>A <a href=\"http:\/\/www.pekabau.hu\">www.<\/a><a href=\"mailto:info@lanaxis.hu\">lanaxis.hu<\/a> oldalon a k\u00f6zz\u00e9tett <a href=\"mailto:info@lanaxis.hu\">info@lanaxis.hu<\/a> email c\u00edm megad\u00e1s\u00e1val \u00d6n kapcsolatba<br \/>l\u00e9phet vel\u00fcnk. Az \u00d6n \u00e1ltal kezdem\u00e9nyezett kapcsolat \u00e9s az \u00d6n \u00e1ltal megadott adatok, inform\u00e1ci\u00f3k a<br \/>Rendelet. GDPR szerinti szab\u00e1lyoz\u00e1sa az al\u00e1bbiak szerint t\u00f6rt\u00e9nik.<\/p>\n<p>ADATKEZEL\u0150<br \/>Az adatkezel\u0151 megnevez\u00e9se: LANAXIS Kft.<br \/>Sz\u00e9khely: <span>3508 Miskolc, <\/span><span>Bog\u00e1ncs u. 6-10.<\/span><br \/>Levelez\u00e9si c\u00edm: <span>3508 Miskolc, <\/span><span>Bog\u00e1ncs u. 6-10.<\/span><br \/>E-mail: <a href=\"mailto:info@lanaxis.hu\">info@lanaxis.hu<\/a><br \/>Telefonsz\u00e1m: <span>+36 46 431 637; <\/span><span>+36 46 562 425<\/span><br \/>Weboldal: <a href=\"http:\/\/www.pekabau.hu\">www.<\/a><a href=\"mailto:info@lanaxis.hu\">lanaxis.hu<\/a><a href=\"http:\/\/www.pekabau.hu\"><\/a><\/p>\n<p>T\u00c1RHELYSZOLG\u00c1LTAT\u00d3<br \/>N\u00e9v: T\u00e1rhely.eu Szolg\u00e1ltat\u00f3 Korl\u00e1tolt Felel\u0151ss\u00e9g\u0171 T\u00e1rsas\u00e1g<br \/>Levelez\u00e9si c\u00edm: 1144 Budapest, Orm\u00e1ns\u00e1g utca 4.<br \/>E-mail c\u00edm: gdpr@tarhely.eu<br \/>Adatv\u00e9delmi felel\u0151s: a mindenkori \u00fcgyvezet\u0151<\/p>\n<p>A COOKIE-K HASZN\u00c1LAT\u00c1VAL KAPCSOLATOS T\u00c1J\u00c9KOZTAT\u00c1S<br \/>Mi az a cookie?<br \/>Az Adatkezel\u0151 a honlap l\u00e1togat\u00e1sa sor\u00e1n \u00fagynevezett cookie-kat (s\u00fctiket) haszn\u00e1l. A cookie bet\u0171b\u0151l<br \/>\u00e9s sz\u00e1mokb\u00f3l \u00e1ll\u00f3 inform\u00e1ci\u00f3csomag, amit honlapunk az \u00d6n b\u00f6ng\u00e9sz\u0151j\u00e9nek k\u00fcld el azzal a c\u00e9llal, hogy<br \/>elmentse bizonyos be\u00e1ll\u00edt\u00e1sait, megk\u00f6nny\u00edtse a honlapunk haszn\u00e1lat\u00e1t \u00e9s k\u00f6zrem\u0171k\u00f6dik abban, hogy<br \/>n\u00e9h\u00e1ny relev\u00e1ns, statisztikai jelleg\u0171 inform\u00e1ci\u00f3t gy\u0171jts\u00fcnk a l\u00e1togat\u00f3inkr\u00f3l.<br \/>A cookie-k (s\u00fctik) egy r\u00e9sze nem tartalmaz szem\u00e9lyes inform\u00e1ci\u00f3kat, \u00e9s nem alkalmas az egy\u00e9ni<br \/>felhaszn\u00e1l\u00f3 azonos\u00edt\u00e1s\u00e1ra, egy r\u00e9sz\u00fck azonban olyan egy\u00e9ni azonos\u00edt\u00f3t tartalmaz \u2013 egy titkos,<br \/>v\u00e9letlen\u00fcl gener\u00e1lt sz\u00e1msort -amelyet az \u00d6n eszk\u00f6zt\u00e1r\u00f3l, ezzel az \u00d6n azonos\u00edthat\u00f3s\u00e1g\u00e1t is biztos\u00edtja.<br \/>Az egyes cookie-k (s\u00fctik) m\u0171k\u00f6d\u00e9si id\u0151tartam\u00e1t az egyes cookiek (s\u00fctik) vonatkoz\u00f3 le\u00edr\u00e1sa<br \/>tartalmazza.<br \/>A cookie-k jogszab\u00e1lyi h\u00e1ttere \u00e9s jogalapja:<br \/>Az adatkezel\u00e9s jogalapja a Rendelet 6. cikk (1) bekezd\u00e9s a) pontja alapj\u00e1n az \u00d6n hozz\u00e1j\u00e1rul\u00e1sa.<br \/>A honlap \u00e1ltal haszn\u00e1lt cookie-k f\u0151bb jellemz\u0151i:<br \/>Amennyiben \u00d6n nem fogadja el a cookie-k haszn\u00e1lat\u00e1t, akkor bizonyos funkci\u00f3k nem lesznek<br \/>el\u00e9rhet\u0151ek az \u00d6n sz\u00e1m\u00e1ra. A cookie-k t\u00f6rl\u00e9s\u00e9r\u0151l b\u0151vebb t\u00e1j\u00e9koztat\u00e1st az al\u00e1bbi linkeken tal\u00e1lhat:<br \/>Internet Explorer: http:\/\/windows.microsoft.com\/en-us\/internet-explorer\/deletemanagecookies#ie=ie-11<br \/>Firefox: https:\/\/support.mozilla.org\/en-US\/kb\/cookies-information-websites-store-on-yourcomputer<br \/>Mozilla: https:\/\/support.mozilla.org\/hu\/kb\/weboldalak-altal-elhelyezett-sutik-torlese-szamito<br \/>Safari: https:\/\/support.apple.com\/kb\/ph21411?locale=en_US<br \/>Chrome: https:\/\/support.google.com\/chrome\/answer\/95647<br \/>Tov\u00e1bbi adatkezel\u00e9sek<br \/>Amennyiben az Adatkezel\u0151 tov\u00e1bbi adatkezel\u00e9st k\u00edv\u00e1n v\u00e9gezni, akkor el\u0151zetes t\u00e1j\u00e9koztat\u00e1st ny\u00fajt az<br \/>adatkezel\u00e9s l\u00e9nyeges k\u00f6r\u00fclm\u00e9nyeir\u0151l (adatkezel\u00e9s jogszab\u00e1lyi h\u00e1ttere \u00e9s jogalapja, az adatkezel\u00e9s<br \/>c\u00e9lja, a kezelt adatok k\u00f6re, az adatkezel\u00e9s id\u0151tartama).<br \/>T\u00e1j\u00e9koztatjuk \u00d6nt arr\u00f3l, hogy a hat\u00f3s\u00e1gok t\u00f6rv\u00e9nyi felhatalmaz\u00e1son alapul\u00f3, \u00edr\u00e1sbeli adatk\u00e9r\u00e9seit az<br \/>Adatkezel\u0151nek teljes\u00edtenie kell. Az Adatkezel\u0151 az adattov\u00e1bb\u00edt\u00e1sokr\u00f3l az Infotv. 15. \u00a7 (2)-(3)<br \/>bekezd\u00e9s\u00e9vel \u00f6sszhangban nyilv\u00e1ntart\u00e1st vezet (mely hat\u00f3s\u00e1gnak, milyen szem\u00e9lyes adatot, milyen<br \/>jogalapon, mikor tov\u00e1bb\u00edtott az Adatkezel\u0151), amelynek tartalm\u00e1r\u00f3l k\u00e9r\u00e9s\u00e9re az Adatkezel\u0151<br \/>t\u00e1j\u00e9koztat\u00e1st ny\u00fajt, kiv\u00e9ve, ha a t\u00e1j\u00e9koztat\u00e1s\u00e1t t\u00f6rv\u00e9ny kiz\u00e1rja.<\/p>\n<p>AZ ADATKEZEL\u00c9S SOR\u00c1N \u00d6NT MEGILLET\u0150 JOGOK<br \/>Az adatkezel\u00e9s id\u0151tartam\u00e1n bel\u00fcl \u00d6nt a Rendelet el\u0151\u00edr\u00e1sai szerint az al\u00e1bbi jogok illetik meg:<\/p>\n<p>\uf0b7 a hozz\u00e1j\u00e1rul\u00e1s visszavon\u00e1s\u00e1nak joga<br \/>\uf0b7 szem\u00e9lyes adatokhoz \u00e9s az adatkezel\u00e9ssel kapcsolatos inform\u00e1ci\u00f3khoz val\u00f3 jog<br \/>\uf0b7 hozz\u00e1f\u00e9r\u00e9s helyesb\u00edt\u00e9shez val\u00f3 jog<br \/>\uf0b7 adatkezel\u00e9s korl\u00e1toz\u00e1sa, t\u00f6rl\u00e9shez val\u00f3 jog<br \/>\uf0b7 tiltakoz\u00e1shoz val\u00f3 jog<br \/>\uf0b7 hordozhat\u00f3s\u00e1ghoz val\u00f3 jog.<br \/>Amennyiben \u00d6n jogaival \u00e9lni k\u00edv\u00e1n, az az \u00d6n azonos\u00edt\u00e1s\u00e1val j\u00e1r egy\u00fctt, valamint az Adatkezel\u0151nek<br \/>\u00d6nnel sz\u00fcks\u00e9gszer\u0171en kommunik\u00e1lnia kell. Ez\u00e9rt az azonos\u00edt\u00e1s \u00e9rdek\u00e9ben szem\u00e9lyes adatok<br \/>megad\u00e1s\u00e1ra lesz sz\u00fcks\u00e9g (de az azonos\u00edt\u00e1s csak olyan adaton alapulhat, amelyet Adatkezel\u0151<br \/>egy\u00e9bk\u00e9nt is kezel \u00d6nr\u0151l), valamint az Adatkezel\u0151 email fi\u00f3kj\u00e1ban el\u00e9rhet\u0151 lesz az \u00d6n adatkezel\u00e9ssel<br \/>kapcsolatos panasza a jelen t\u00e1j\u00e9koztat\u00f3ban, a panaszokkal kapcsolatban megjel\u00f6lt id\u0151tartamon bel\u00fcl.<br \/>Az adatkezel\u00e9ssel kapcsolatos panaszokat legk\u00e9s\u0151bb 30 napon bel\u00fcl v\u00e1laszolja meg az Adatkezel\u0151.<br \/>A hozz\u00e1j\u00e1rul\u00e1s visszavon\u00e1s\u00e1nak joga<br \/>\u00d6n b\u00e1rmikor jogosult az adatkezel\u00e9shez adott hozz\u00e1j\u00e1rul\u00e1st visszavonni, ilyen esetben a megadott<br \/>adatokat rendszereinkb\u0151l t\u00f6r\u00f6lj\u00fck.<br \/>A szem\u00e9lyes adatokhoz val\u00f3 hozz\u00e1f\u00e9r\u00e9s<br \/>\u00d6n jogosult arra, hogy az Adatkezel\u0151t\u0151l visszajelz\u00e9st kapjon arra vonatkoz\u00f3an, hogy szem\u00e9lyes<br \/>adatainak kezel\u00e9se folyamatban van-e, \u00e9s ha adatkezel\u00e9s folyamatban van, jogosult arra, hogy:<\/p>\n<p>\uf0b7 a kezelt szem\u00e9lyes adatokhoz hozz\u00e1f\u00e9r\u00e9st kapjon \u00e9s a k\u00f6vetkez\u0151 inform\u00e1ci\u00f3kr\u00f3l az<br \/>Adatkezel\u0151 t\u00e1j\u00e9koztassa: \uf0b7 az adatkezel\u00e9s c\u00e9ljai; \uf0b7 az \u00d6nr\u0151l kezelt szem\u00e9lyes adatok kateg\u00f3ri\u00e1i;<\/p>\n<p>\uf0b7 inform\u00e1ci\u00f3 azon c\u00edmzettekr\u0151l vagy c\u00edmzettek kateg\u00f3ri\u00e1ir\u00f3l, akikkel, illetve amelyekkel a<br \/>szem\u00e9lyes adatokat Adatkezel\u0151 k\u00f6z\u00f6lte vagy k\u00f6z\u00f6lni fogja;<\/p>\n<p>\uf0b7 a szem\u00e9lyes adatok t\u00e1rol\u00e1s\u00e1nak tervezett id\u0151tartama, vagy ha ez nem<br \/>\uf0b7 lehets\u00e9ges, ezen id\u0151tartam meghat\u00e1roz\u00e1s\u00e1nak szempontjai;<\/p>\n<p>\uf0b7 az \u00d6n azon joga, hogy k\u00e9relmezheti az Adatkezel\u0151t\u0151l az \u00d6nre vonatkoz\u00f3 szem\u00e9lyes adatok<br \/>helyesb\u00edt\u00e9s\u00e9t, t\u00f6rl\u00e9s\u00e9t vagy kezel\u00e9s\u00e9nek korl\u00e1toz\u00e1s\u00e1t, \u00e9s jogos \u00e9rdeken alapul\u00f3 adatkezel\u00e9s<br \/>eset\u00e9n tiltakozhat az ilyen szem\u00e9lyes adatok kezel\u00e9se ellen;<\/p>\n<p>\uf0b7 a fel\u00fcgyeleti hat\u00f3s\u00e1ghoz c\u00edmzett panasz beny\u00fajt\u00e1s\u00e1nak joga;<\/p>\n<p>\uf0b7 ha az adatokat nem \u00d6nt\u0151l gy\u0171jt\u00f6tt\u00e9k be, a forr\u00e1sukra vonatkoz\u00f3 minden el\u00e9rhet\u0151 inform\u00e1ci\u00f3;<br \/>az automatiz\u00e1lt d\u00f6nt\u00e9shozatal t\u00e9ny\u00e9r\u0151l (ha alkalmazott ilyen elj\u00e1r\u00e1s), ide\u00e9rtve a profilalkot\u00e1st<br \/>is, valamint legal\u00e1bb ezekben az esetekben az alkalmazott logik\u00e1ra \u00e9s arra vonatkoz\u00f3an<br \/>\u00e9rthet\u0151 inform\u00e1ci\u00f3kat, hogy az ilyen adatkezel\u00e9s milyen jelent\u0151s\u00e9ggel, \u00e9s \u00d6nre n\u00e9zve milyen<br \/>v\u00e1rhat\u00f3 k\u00f6vetkezm\u00e9nyekkel b\u00edr.<br \/>A jog gyakorl\u00e1s\u00e1nak c\u00e9lja az adatkezel\u00e9s jogszer\u0171s\u00e9g\u00e9nek meg\u00e1llap\u00edt\u00e1s\u00e1ra \u00e9s ellen\u0151rz\u00e9s\u00e9re<br \/>ir\u00e1nyulhat, ez\u00e9rt t\u00f6bbsz\u00f6ri t\u00e1j\u00e9koztat\u00e1s k\u00e9r\u00e9s eset\u00e9n Adatkezel\u0151 m\u00e9lt\u00e1nyos k\u00f6lts\u00e9gt\u00e9r\u00edt\u00e9st sz\u00e1molhat<br \/>fel a t\u00e1j\u00e9koztat\u00e1s teljes\u00edt\u00e9s\u00e9\u00e9rt cser\u00e9be.<br \/>A szem\u00e9lyes adatokhoz val\u00f3 hozz\u00e1f\u00e9r\u00e9st Adatkezel\u0151 \u00fagy biztos\u00edtja, hogy az \u00d6n azonos\u00edt\u00e1s\u00e1t k\u00f6vet\u0151en<br \/>emailben juttatja el \u00d6nh\u00f6z a kezelt szem\u00e9lyes adatokat \u00e9s az inform\u00e1ci\u00f3kat. Amennyiben<br \/>regisztr\u00e1ci\u00f3val rendelkezik, akkor a hozz\u00e1f\u00e9r\u00e9st \u00fagy biztos\u00edtjuk, hogy a felhaszn\u00e1l\u00f3i fi\u00f3kj\u00e1ba bel\u00e9pve<br \/>tudja az \u00d6nr\u0151l kezelt szem\u00e9lyes adatokat megtekinteni \u00e9s ellen\u0151rizni.<br \/>K\u00e9rj\u00fck, hogy k\u00e9relm\u00e9ben jel\u00f6lje meg, hogy a szem\u00e9lyes adatokhoz k\u00e9r hozz\u00e1f\u00e9r\u00e9st, vagy az<br \/>adatkezel\u00e9ssel kapcsolatos inform\u00e1ci\u00f3kat k\u00e9ri.<br \/>Helyesb\u00edt\u00e9shez val\u00f3 jog<br \/>\u00d6n jogosult arra, hogy k\u00e9r\u00e9s\u00e9re Adatkezel\u0151 k\u00e9sedelem n\u00e9lk\u00fcl helyesb\u00edtse az \u00d6nre vonatkoz\u00f3<br \/>pontatlan szem\u00e9lyes adatokat.<br \/>Adatkezel\u00e9s korl\u00e1toz\u00e1s\u00e1hoz val\u00f3 jog<br \/>\u00d6n jogosult arra, hogy k\u00e9r\u00e9s\u00e9re Adatkezel\u0151 korl\u00e1tozza az adatkezel\u00e9st, ha az al\u00e1bbiak valamelyike<br \/>teljes\u00fcl:<br \/>\uf0b7 \u00d6n vitatja a szem\u00e9lyes adatok pontoss\u00e1g\u00e1t, ez esetben a korl\u00e1toz\u00e1s arra az id\u0151tartamra<br \/>vonatkozik, amely lehet\u0151v\u00e9 teszi, hogy Adatkezel\u0151 ellen\u0151rizze a szem\u00e9lyes adatok<br \/>pontoss\u00e1g\u00e1t, ha a pontos adat azonnal meg\u00e1llap\u00edthat\u00f3, akkor nem ker\u00fcl sor a korl\u00e1toz\u00e1sra;<\/p>\n<p>\uf0b7 az adatkezel\u00e9s jogellenes, de \u00d6n ellenzi az adatok t\u00f6rl\u00e9s\u00e9t b\u00e1rmely okb\u00f3l (p\u00e9ld\u00e1ul az\u00e9rt, mert<br \/>az \u00d6n sz\u00e1m\u00e1ra jogi ig\u00e9ny \u00e9rv\u00e9nyes\u00edt\u00e9se miatt fontosak az adatok), ez\u00e9rt nem az adatok<br \/>t\u00f6rl\u00e9s\u00e9t k\u00e9ri, hanem ehelyett k\u00e9ri azok felhaszn\u00e1l\u00e1s\u00e1nak korl\u00e1toz\u00e1s\u00e1t;<\/p>\n<p>\uf0b7 az Adatkezel\u0151nek m\u00e1r nincs sz\u00fcks\u00e9ge a szem\u00e9lyes adatokra a megjel\u00f6lt adatkezel\u00e9s c\u00e9lj\u00e1b\u00f3l,<br \/>de \u00d6n ig\u00e9nyli azokat jogi ig\u00e9nyek el\u0151terjeszt\u00e9s\u00e9hez, \u00e9rv\u00e9nyes\u00edt\u00e9s\u00e9hez vagy v\u00e9delm\u00e9hez; vagy<br \/>\uf0b7 \u00d6n tiltakozott az adatkezel\u00e9s ellen, de Adatkezel\u0151 jogos \u00e9rdeke is megalapozhatja az<br \/>adatkezel\u00e9st, ez esetben am\u00edg meg\u00e1llap\u00edt\u00e1sra nem ker\u00fcl, hogy Adatkezel\u0151 jogos indokai<br \/>els\u0151bbs\u00e9get \u00e9lveznek-e az \u00d6n jogos indokaival szemben, az adatkezel\u00e9st korl\u00e1tozni kell.<br \/>Ha az adatkezel\u00e9s korl\u00e1toz\u00e1s al\u00e1 esik, az ilyen szem\u00e9lyes adatokat a t\u00e1rol\u00e1s kiv\u00e9tel\u00e9vel csak az<br \/>\u00e9rintett hozz\u00e1j\u00e1rul\u00e1s\u00e1val, vagy jogi ig\u00e9nyek el\u0151terjeszt\u00e9s\u00e9hez, \u00e9rv\u00e9nyes\u00edt\u00e9s\u00e9hez vagy v\u00e9delm\u00e9hez,<br \/>vagy m\u00e1s term\u00e9szetes vagy jogi szem\u00e9ly jogainak v\u00e9delme \u00e9rdek\u00e9ben, vagy az Uni\u00f3, illetve valamely<br \/>tag\u00e1llam fontos k\u00f6z\u00e9rdek\u00e9b\u0151l lehet kezelni.<br \/>Adatkezel\u0151 az adatkezel\u00e9s korl\u00e1toz\u00e1s\u00e1nak felold\u00e1s\u00e1r\u00f3l el\u0151zetesen (legal\u00e1bb a korl\u00e1toz\u00e1s felold\u00e1s\u00e1t<br \/>megel\u0151z\u0151 3 munkanappal) t\u00e1j\u00e9koztatja \u00d6nt.<br \/>T\u00f6rl\u00e9shez \u2013 elfeledtet\u00e9shez val\u00f3 jog<br \/>\u00d6n jogosult arra, hogy Adatkezel\u0151 indokolatlan k\u00e9sedelem n\u00e9lk\u00fcl t\u00f6r\u00f6lje az \u00d6nre vonatkoz\u00f3<br \/>szem\u00e9lyes adatokat, ha az al\u00e1bbi indokok valamelyike fenn\u00e1ll:<\/p>\n<p>\uf0b7 a szem\u00e9lyes adatokra m\u00e1r nincs sz\u00fcks\u00e9g abb\u00f3l a c\u00e9lb\u00f3l, amelyb\u0151l azokat Adatkezel\u0151 gy\u0171jt\u00f6tte<br \/>vagy m\u00e1s m\u00f3don kezelte; \uf0b7 \u00d6n visszavonja hozz\u00e1j\u00e1rul\u00e1s\u00e1t \u00e9s az adatkezel\u00e9snek nincs m\u00e1s jogalapja;<\/p>\n<p>\uf0b7 \u00d6n tiltakozik a jogos \u00e9rdeken alapul\u00f3 adatkezel\u00e9s ellen, \u00e9s nincs els\u0151bbs\u00e9get \u00e9lvez\u0151 jogszer\u0171<br \/>ok (azaz jogos \u00e9rdek) az adatkezel\u00e9sre,<\/p>\n<p>\uf0b7 a szem\u00e9lyes adatokat Adatkezel\u0151 jogellenesen kezelte \u00e9s ez a panasz alapj\u00e1n meg\u00e1llap\u00edt\u00e1st<br \/>nyert, a szem\u00e9lyes adatokat az Adatkezel\u0151re alkalmazand\u00f3 uni\u00f3s vagy tag\u00e1llami jogban el\u0151\u00edrt<br \/>jogi k\u00f6telezetts\u00e9g teljes\u00edt\u00e9s\u00e9hez t\u00f6r\u00f6lni kell.<br \/>Ha az Adatkezel\u0151 b\u00e1rmely jogszer\u0171 okn\u00e1l fogva nyilv\u00e1noss\u00e1gra hozta az \u00d6nr\u0151l kezelt szem\u00e9lyes<br \/>adatot, \u00e9s b\u00e1rmely fent megjel\u00f6lt okb\u00f3l t\u00f6r\u00f6lni k\u00f6teles azt, az el\u00e9rhet\u0151 technol\u00f3gia \u00e9s a megval\u00f3s\u00edt\u00e1s<br \/>k\u00f6lts\u00e9geinek figyelembev\u00e9tel\u00e9vel k\u00f6teles megtenni az \u00e9szszer\u0171en elv\u00e1rhat\u00f3 l\u00e9p\u00e9seket \u2013 ide\u00e9rtve<br \/>technikai int\u00e9zked\u00e9seket \u2013 annak \u00e9rdek\u00e9ben, hogy t\u00e1j\u00e9koztassa az adatokat kezel\u0151 m\u00e1s<br \/>adatkezel\u0151ket, hogy \u00d6n k\u00e9relmezte a sz\u00f3ban forg\u00f3 szem\u00e9lyes adatokra mutat\u00f3 linkek vagy e<br \/>szem\u00e9lyes adatok m\u00e1solat\u00e1nak, illetve m\u00e1sodp\u00e9ld\u00e1ny\u00e1nak t\u00f6rl\u00e9s\u00e9t.<br \/>A t\u00f6rl\u00e9s nem alkalmazand\u00f3, amennyiben az adatkezel\u00e9s sz\u00fcks\u00e9ges:<\/p>\n<p>\uf0b7 a v\u00e9lem\u00e9nynyilv\u00e1n\u00edt\u00e1s szabads\u00e1g\u00e1hoz \u00e9s a t\u00e1j\u00e9koz\u00f3d\u00e1shoz val\u00f3 jog gyakorl\u00e1sa c\u00e9lj\u00e1b\u00f3l;<br \/>\uf0b7 a szem\u00e9lyes adatok kezel\u00e9s\u00e9t el\u0151\u00edr\u00f3, az adatkezel\u0151re alkalmazand\u00f3 uni\u00f3s vagy tag\u00e1llami jog<br \/>szerinti k\u00f6telezetts\u00e9g teljes\u00edt\u00e9se (ilyen eset a sz\u00e1ml\u00e1z\u00e1s keret\u00e9ben megval\u00f3sul\u00f3 adatkezel\u00e9s,<br \/>mivel a sz\u00e1mla meg\u0151rz\u00e9s\u00e9t jogszab\u00e1ly \u00edrja el\u0151), illetve k\u00f6z\u00e9rdekb\u0151l vagy az adatkezel\u0151re<br \/>ruh\u00e1zott k\u00f6zhatalmi jogos\u00edtv\u00e1ny gyakorl\u00e1sa keret\u00e9ben v\u00e9gzett feladat v\u00e9grehajt\u00e1sa c\u00e9lj\u00e1b\u00f3l;<\/p>\n<p>\uf0b7 jogi ig\u00e9nyek el\u0151terjeszt\u00e9s\u00e9hez, \u00e9rv\u00e9nyes\u00edt\u00e9s\u00e9hez, illetve v\u00e9delm\u00e9hez (pl.: ha Adatkezel\u0151nek<br \/>\u00d6n fel\u00e9 k\u00f6vetel\u00e9se \u00e1ll fenn \u00e9s azt m\u00e9g nem teljes\u00edtette, vagy fogyaszt\u00f3i, adatkezel\u00e9si panasz<br \/>int\u00e9z\u00e9se van folyamatban).<br \/>Tiltakoz\u00e1shoz val\u00f3 jog<br \/>\u00d6n jogosult arra, hogy a saj\u00e1t helyzet\u00e9vel kapcsolatos okokb\u00f3l b\u00e1rmikor tiltakozzon szem\u00e9lyes<br \/>adatainak jogos \u00e9rdeken alapul\u00f3 kezel\u00e9se ellen. Ebben az esetben Adatkezel\u0151 a szem\u00e9lyes adatokat<br \/>nem kezelheti tov\u00e1bb, kiv\u00e9ve, ha az bizony\u00edtja, hogy az adatkezel\u00e9st olyan k\u00e9nyszer\u00edt\u0151 erej\u0171 jogos<br \/>okok indokolj\u00e1k, amelyek els\u0151bbs\u00e9get \u00e9lveznek az \u00d6n \u00e9rdekeivel, jogaival \u00e9s szabads\u00e1gaival szemben,<br \/>vagy amelyek jogi ig\u00e9nyek el\u0151terjeszt\u00e9s\u00e9hez, \u00e9rv\u00e9nyes\u00edt\u00e9s\u00e9hez vagy v\u00e9delm\u00e9hez kapcsol\u00f3dnak.<br \/>Ha a szem\u00e9lyes adatok kezel\u00e9se k\u00f6zvetlen \u00fczletszerz\u00e9s \u00e9rdek\u00e9ben t\u00f6rt\u00e9nik, \u00d6n jogosult arra, hogy<br \/>b\u00e1rmikor tiltakozzon az \u00d6nre vonatkoz\u00f3 szem\u00e9lyes adatok e c\u00e9lb\u00f3l t\u00f6rt\u00e9n\u0151 kezel\u00e9se ellen, ide\u00e9rtve a<br \/>profilalkot\u00e1st is, amennyiben az a k\u00f6zvetlen \u00fczletszerz\u00e9shez kapcsol\u00f3dik. Ha \u00d6n tiltakozik a szem\u00e9lyes<br \/>adatok k\u00f6zvetlen \u00fczletszerz\u00e9s \u00e9rdek\u00e9ben t\u00f6rt\u00e9n\u0151 kezel\u00e9se ellen, akkor a szem\u00e9lyes adatok a<br \/>tov\u00e1bbiakban e c\u00e9lb\u00f3l nem kezelhet\u0151k.<br \/>Hordozhat\u00f3s\u00e1ghoz val\u00f3 jog<br \/>Amennyiben az adatkezel\u00e9s automatiz\u00e1lt m\u00f3don val\u00f3sul meg, vagy ha az adatkezel\u00e9s az \u00d6n \u00f6nk\u00e9ntes<br \/>hozz\u00e1j\u00e1rul\u00e1s\u00e1n alapul, \u00d6nnek joga van arra, hogy k\u00e9rje Adatkezel\u0151t\u0151l, hogy az \u00d6n \u00e1ltal az Adatkezel\u0151<br \/>r\u00e9sz\u00e9re megadott adatokat megkapja, amit Adatkezel\u0151 xml, JSON, vagy csv form\u00e1tumban bocs\u00e1t az<br \/>\u00d6n rendelkez\u00e9s\u00e9re, ha ez technikailag megval\u00f3s\u00edthat\u00f3, akkor k\u00e9rheti, hogy az Adatkezel\u0151 az adatokat<br \/>ebben a form\u00e1ban m\u00e1s adatkezel\u0151 sz\u00e1m\u00e1ra tov\u00e1bb\u00edtsa.<br \/>Automatiz\u00e1lt d\u00f6nt\u00e9shozatal<br \/>\u00d6n jogosult arra, hogy ne terjedjen ki \u00d6nre az olyan, kiz\u00e1r\u00f3lag automatiz\u00e1lt adatkezel\u00e9sen alapul\u00f3<br \/>d\u00f6nt\u00e9s hat\u00e1lya (ide\u00e9rtve a profilalkot\u00e1st is), amely \u00d6nre n\u00e9zve joghat\u00e1ssal j\u00e1rna vagy \u00d6nt<br \/>hasonl\u00f3k\u00e9ppen jelent\u0151s m\u00e9rt\u00e9kben \u00e9rinten\u00e9. Ezekben az esetekben Adatkezel\u0151 k\u00f6teles megfelel\u0151<br \/>int\u00e9zked\u00e9seket tenni az \u00e9rintett jogainak, szabads\u00e1gainak \u00e9s jogos \u00e9rdekeinek v\u00e9delme \u00e9rdek\u00e9ben,<br \/>ide\u00e9rtve az \u00e9rintettnek legal\u00e1bb azt a jog\u00e1t, hogy az adatkezel\u0151 r\u00e9sz\u00e9r\u0151l emberi beavatkoz\u00e1st k\u00e9rjen,<br \/>\u00e1ll\u00e1spontj\u00e1t kifejezze, \u00e9s a d\u00f6nt\u00e9ssel szemben kifog\u00e1st ny\u00fajtson be.<br \/>A fentiek nem alkalmazand\u00f3ak abban az esetben, ha a d\u00f6nt\u00e9s:<\/p>\n<p>\uf0b7 \u00d6n \u00e9s az adatkezel\u0151 k\u00f6z\u00f6tti szerz\u0151d\u00e9s megk\u00f6t\u00e9se vagy teljes\u00edt\u00e9se \u00e9rdek\u00e9ben sz\u00fcks\u00e9ges;<\/p>\n<p>\uf0b7 meghozatal\u00e1t az adatkezel\u0151re alkalmazand\u00f3 olyan uni\u00f3s vagy tag\u00e1llami jog teszi lehet\u0151v\u00e9,<br \/>amely \u00d6n jogainak \u00e9s szabads\u00e1gainak, valamint jogos \u00e9rdekeinek v\u00e9delm\u00e9t szolg\u00e1l\u00f3<br \/>megfelel\u0151 int\u00e9zked\u00e9seket is meg\u00e1llap\u00edt;<\/p>\n<p>\uf0b7 vagy az \u00d6n kifejezett hozz\u00e1j\u00e1rul\u00e1s\u00e1n alapul.<br \/>Adatv\u00e9delmi nyilv\u00e1ntart\u00e1sba t\u00f6rt\u00e9n\u0151 bejelentkez\u00e9s<br \/>Az Infotv. rendelkez\u00e9sei \u00e9rtelm\u00e9ben az Adatkezel\u0151nek bizonyos adatkezel\u00e9seit be kellett jelentenie<br \/>az adatv\u00e9delmi nyilv\u00e1ntart\u00e1sba. Ez a bejelent\u00e9si k\u00f6telezetts\u00e9g 2018. m\u00e1jus 25. napj\u00e1val megsz\u0171nt.<br \/>Adatbiztons\u00e1gi int\u00e9zked\u00e9sek<br \/>Az Adatkezel\u0151 kijelenti, hogy megfelel\u0151 biztons\u00e1gi int\u00e9zked\u00e9seket hozott annak \u00e9rdek\u00e9ben, hogy a<br \/>szem\u00e9lyes adatok v\u00e9dje a jogosulatlan hozz\u00e1f\u00e9r\u00e9s, megv\u00e1ltoztat\u00e1s, tov\u00e1bb\u00edt\u00e1s, nyilv\u00e1noss\u00e1gra<br \/>hozatal, t\u00f6rl\u00e9s vagy megsemmis\u00edt\u00e9s, valamint a v\u00e9letlen megsemmis\u00fcl\u00e9s \u00e9s s\u00e9r\u00fcl\u00e9s, tov\u00e1bb\u00e1 az<br \/>alkalmazott technika megv\u00e1ltoz\u00e1s\u00e1b\u00f3l fakad\u00f3 hozz\u00e1f\u00e9rhetetlenn\u00e9 v\u00e1l\u00e1s ellen.<br \/>Az Adatkezel\u0151 a szervezeti \u00e9s technikai lehet\u0151s\u00e9gekhez k\u00e9pest mindent megtesz annak \u00e9rdek\u00e9ben,<br \/>hogy adatfeldolgoz\u00f3i is megfelel\u0151 adatbiztons\u00e1gi int\u00e9zked\u00e9seket tegyenek, amikor az \u00d6n szem\u00e9lyes<br \/>adataival dolgoznak.<br \/>Jogorvoslati lehet\u0151s\u00e9gek<br \/>Amennyiben \u00d6n szerint az Adatkezel\u0151 megs\u00e9rtette valamely, az adatkezel\u00e9sre vonatkoz\u00f3 t\u00f6rv\u00e9nyi<br \/>rendelkez\u00e9st, vagy nem teljes\u00edtette valamely k\u00e9relm\u00e9t, akkor v\u00e9lelmezett jogellenes adatkezel\u00e9s<br \/>megsz\u00fcntet\u00e9se \u00e9rdek\u00e9ben a Nemzeti Adatv\u00e9delmi \u00e9s Inform\u00e1ci\u00f3szabads\u00e1g Hat\u00f3s\u00e1g vizsg\u00e1lati<br \/>elj\u00e1r\u00e1s\u00e1t kezdem\u00e9nyezheti (levelez\u00e9si c\u00edm: 1530 Budapest, Pf.: 5., email: ugyfelszolgalat@naih.hu).<br \/>T\u00e1j\u00e9koztatjuk emellett arr\u00f3l is, hogy az adatkezel\u00e9sre vonatkoz\u00f3 t\u00f6rv\u00e9nyi rendelkez\u00e9sek megs\u00e9rt\u00e9se<br \/>eset\u00e9n, vagy ha az Adatkezel\u0151 nem teljes\u00edtette valamely k\u00e9relm\u00e9t, akkor az Adatkezel\u0151vel szemben<br \/>polg\u00e1ri pert ind\u00edthat b\u00edr\u00f3s\u00e1g el\u0151tt.<br \/>Adatkezel\u00e9si t\u00e1j\u00e9koztat\u00f3 m\u00f3dos\u00edt\u00e1sa<br \/>Az Adatkezel\u0151 fenntartja a jogot, hogy jelen adatkezel\u00e9si t\u00e1j\u00e9koztat\u00f3t az adatkezel\u00e9s c\u00e9lj\u00e1t \u00e9s<br \/>jogalapj\u00e1t nem \u00e9rint\u0151 m\u00f3don m\u00f3dos\u00edtsa. A honlap m\u00f3dos\u00edt\u00e1s hat\u00e1lybal\u00e9p\u00e9s\u00e9t k\u00f6vet\u0151 haszn\u00e1lat\u00e1val<br \/>elfogadja a m\u00f3dos\u00edtott adatkezel\u00e9si t\u00e1j\u00e9koztat\u00f3t.<br \/>Amennyiben az Adatkezel\u0151 a gy\u0171jt\u00f6tt adatokkal kapcsolatban a gy\u0171jt\u00e9s\u00fck c\u00e9lj\u00e1t\u00f3l elt\u00e9r\u0151 c\u00e9lb\u00f3l<br \/>tov\u00e1bbi adatkezel\u00e9st k\u00edv\u00e1n v\u00e9gezni a tov\u00e1bbi adatkezel\u00e9st megel\u0151z\u0151en t\u00e1j\u00e9koztatja \u00d6nt az<br \/>adatkezel\u00e9s c\u00e9lj\u00e1r\u00f3l \u00e9s az al\u00e1bbi inform\u00e1ci\u00f3kr\u00f3l:<\/p>\n<p>\uf0b7 a szem\u00e9lyes adatok t\u00e1rol\u00e1s\u00e1nak id\u0151tartam\u00e1r\u00f3l, vagy ha ez nem lehets\u00e9ges, akkor az<br \/>id\u0151tartam meghat\u00e1roz\u00e1s\u00e1nak szempontjair\u00f3l;<\/p>\n<p>\uf0b7 azon jog\u00e1r\u00f3l, hogy k\u00e9relmezheti az Adatkezel\u0151t\u0151l az \u00d6nre vonatkoz\u00f3 szem\u00e9lyes adatokhoz<br \/>val\u00f3 hozz\u00e1f\u00e9r\u00e9st, azok helyesb\u00edt\u00e9s\u00e9t, t\u00f6rl\u00e9s\u00e9t vagy kezel\u00e9s\u00e9nek korl\u00e1toz\u00e1s\u00e1t, \u00e9s jogos<br \/>\u00e9rdeken alapul\u00f3 adatkezel\u00e9s eset\u00e9n tiltakozhat a szem\u00e9lyes adatok kezel\u00e9se ellen, valamint a<br \/>hozz\u00e1j\u00e1rul\u00e1son, vagy szerz\u0151d\u00e9ses kapcsolaton alapul\u00f3 adatkezel\u00e9s eset\u00e9n k\u00e9rheti az<br \/>adathordozhat\u00f3s\u00e1ghoz val\u00f3 jog biztos\u00edt\u00e1s\u00e1t;<\/p>\n<p>\uf0b7 hozz\u00e1j\u00e1rul\u00e1son alapul\u00f3 adatkezel\u00e9s eset\u00e9n arr\u00f3l, hogy a hozz\u00e1j\u00e1rul\u00e1st \u00d6n b\u00e1rmikor<br \/>visszavonhatja,<\/p>\n<p>\uf0b7 a fel\u00fcgyeleti hat\u00f3s\u00e1ghoz c\u00edmzett panasz beny\u00fajt\u00e1s\u00e1nak jog\u00e1r\u00f3l;<br \/>\uf0b7 arr\u00f3l, hogy a szem\u00e9lyes adat szolg\u00e1ltat\u00e1sa jogszab\u00e1lyon vagy szerz\u0151d\u00e9ses k\u00f6telezetts\u00e9gen<br \/>alapul vagy szerz\u0151d\u00e9s k\u00f6t\u00e9s\u00e9nek el\u0151felt\u00e9tele-e, valamint hogy az \u00d6n k\u00f6teles-e a szem\u00e9lyes<br \/>adatokat megadni, tov\u00e1bb\u00e1 hogy milyen lehets\u00e9ges k\u00f6vetkezm\u00e9nyeikkel j\u00e1rhat az<br \/>adatszolg\u00e1ltat\u00e1s elmarad\u00e1sa;<\/p>\n<p>\uf0b7 az automatiz\u00e1lt d\u00f6nt\u00e9shozatal t\u00e9ny\u00e9r\u0151l (ha alkalmazott ilyen elj\u00e1r\u00e1s), ide\u00e9rtve a profilalkot\u00e1st<br \/>is, valamint legal\u00e1bb ezekben az esetekben az alkalmazott logik\u00e1ra \u00e9s arra vonatkoz\u00f3an<br \/>\u00e9rthet\u0151 inform\u00e1ci\u00f3kat, hogy az ilyen adatkezel\u00e9s milyen jelent\u0151s\u00e9ggel, \u00e9s \u00d6nre n\u00e9zve milyen<br \/>v\u00e1rhat\u00f3 k\u00f6vetkezm\u00e9nyekkel b\u00edr.<br \/>Az adatkezel\u00e9s csak ezt k\u00f6vet\u0151en kezd\u0151dhet meg, amennyiben az adatkezel\u00e9s jogalapja hozz\u00e1j\u00e1rul\u00e1s,<br \/>az adatkezel\u00e9shez a t\u00e1j\u00e9koztat\u00e1son fel\u00fcl \u00d6nnek hozz\u00e1 is kell j\u00e1rulnia.<\/p>\n<p>[\/et_pb_text][et_pb_button button_url=&#8221;https:\/\/lanaxis.hu\/&#8221; button_text=&#8221;Vissza a f\u0151oldalra&#8221; button_alignment=&#8221;center&#8221; _builder_version=&#8221;4.16&#8243; _module_preset=&#8221;default&#8221; custom_button=&#8221;on&#8221; button_text_color=&#8221;#000000&#8243; global_colors_info=&#8221;{}&#8221;][\/et_pb_button][\/et_pb_column][\/et_pb_row][\/et_pb_section]<\/p>\n","protected":false},"excerpt":{"rendered":"<p>GDPR ADATKEZEL\u00c9SI T\u00c1J\u00c9KOZTAT\u00d3A jelen dokumentum a www.lanaxis.hu weboldal m\u0171k\u00f6d\u00e9s\u00e9vel kapcsolatban minden relev\u00e1nsadatkezel\u00e9si inform\u00e1ci\u00f3t tartalmaz az Eur\u00f3pai Uni\u00f3 2016.\/679. sz\u00e1m\u00fa \u00c1ltal\u00e1nos Adatv\u00e9delmiRendelete (a tov\u00e1bbiakban: Rendelet. GDPR) \u00e9s a 2011. \u00e9vi CXII. tv. (a tov\u00e1bbiakban: Infotv.) alapj\u00e1n.A www.lanaxis.hu oldalon a k\u00f6zz\u00e9tett info@lanaxis.hu email c\u00edm megad\u00e1s\u00e1val \u00d6n kapcsolatbal\u00e9phet vel\u00fcnk. Az \u00d6n \u00e1ltal kezdem\u00e9nyezett kapcsolat \u00e9s az \u00d6n \u00e1ltal [&hellip;]<\/p>\n","protected":false},"author":1,"featured_media":0,"parent":0,"menu_order":0,"comment_status":"closed","ping_status":"closed","template":"","meta":{"_et_pb_use_builder":"on","_et_pb_old_content":"","_et_gb_content_width":"","footnotes":""},"class_list":["post-235275","page","type-page","status-publish","hentry"],"_links":{"self":[{"href":"https:\/\/lanaxis.hu\/en\/wp-json\/wp\/v2\/pages\/235275","targetHints":{"allow":["GET"]}}],"collection":[{"href":"https:\/\/lanaxis.hu\/en\/wp-json\/wp\/v2\/pages"}],"about":[{"href":"https:\/\/lanaxis.hu\/en\/wp-json\/wp\/v2\/types\/page"}],"author":[{"embeddable":true,"href":"https:\/\/lanaxis.hu\/en\/wp-json\/wp\/v2\/users\/1"}],"replies":[{"embeddable":true,"href":"https:\/\/lanaxis.hu\/en\/wp-json\/wp\/v2\/comments?post=235275"}],"version-history":[{"count":10,"href":"https:\/\/lanaxis.hu\/en\/wp-json\/wp\/v2\/pages\/235275\/revisions"}],"predecessor-version":[{"id":241028,"href":"https:\/\/lanaxis.hu\/en\/wp-json\/wp\/v2\/pages\/235275\/revisions\/241028"}],"wp:attachment":[{"href":"https:\/\/lanaxis.hu\/en\/wp-json\/wp\/v2\/media?parent=235275"}],"curies":[{"name":"wp","href":"https:\/\/api.w.org\/{rel}","templated":true}]}}